{"id":9420,"date":"2025-04-06T19:07:18","date_gmt":"2025-04-06T17:07:18","guid":{"rendered":"https:\/\/lambdanachrichten.at\/?page_id=9420"},"modified":"2025-04-06T19:07:18","modified_gmt":"2025-04-06T17:07:18","slug":"ruth-maier-bibliotheksordnung","status":"publish","type":"page","link":"https:\/\/lambdanachrichten.at\/?page_id=9420","title":{"rendered":"Ruth-Maier Bibliotheksordnung"},"content":{"rendered":"\n<div class=\"wp-block-group\"><div class=\"wp-block-group__inner-container is-layout-constrained wp-block-group-is-layout-constrained\">\n<p class=\"has-drop-cap\">1) Die Bibliothek steht zu ihren \u00d6ffnungszeiten allen Personen offen. Die \u00d6ffnungszeiten k\u00f6nnen variieren und k\u00f6nnen bei Vorstandsmitgliedern erfragt werden. Es k\u00f6nnen, z. B. f\u00fcr Forschungszwecke, auch zus\u00e4tzliche Zeiten organisiert werden.<\/p>\n<\/div><\/div>\n\n\n\n<div class=\"wp-block-group\"><div class=\"wp-block-group__inner-container is-layout-constrained wp-block-group-is-layout-constrained\">\n<p class=\"has-drop-cap\">2) Die Bibliothek besteht aus entlehnbaren und nicht-entlehnbare B\u00fccher. Entlehnbare B\u00fccher haben eine Buchkarte auf der ersten oder zweiten Innenseite.<\/p>\n<\/div><\/div>\n\n\n\n<div class=\"wp-block-group\"><div class=\"wp-block-group__inner-container is-layout-constrained wp-block-group-is-layout-constrained\">\n<p class=\"has-drop-cap\">3) Entlehnzeiten wechseln und k\u00f6nnen bei den Vorstandsmitgliedern nachgefragt werden.<br><br><\/p>\n<\/div><\/div>\n\n\n\n<div class=\"wp-block-group\"><div class=\"wp-block-group__inner-container is-layout-constrained wp-block-group-is-layout-constrained\">\n<p class=\"has-drop-cap\">4) Alle HOSI Mitglieder k\u00f6nnen (entlehnbare) B\u00fccher ausleihen. Dazu bringen sie das Buch einem Vorstandsmitglied, welches die Buchkarte entnimmt und die Mitgliedsnummer von dessen vorgezeigten Mitgliedskarte und das Entlehndatum notiert.<\/p>\n<\/div><\/div>\n\n\n\n<div class=\"wp-block-group\"><div class=\"wp-block-group__inner-container is-layout-constrained wp-block-group-is-layout-constrained\">\n<p class=\"has-drop-cap\">5) Entliehene B\u00fccher m\u00fcssen unaufgefordert innerhalb von 2 Monaten nach Entlehndatum zu einem Vorstandsmitglied zur\u00fcckgebracht werden. Nach (sp\u00e4terem) Einsortieren des Buches wird die Ausleihnotiz vernichtet.<\/p>\n<\/div><\/div>\n\n\n\n<div class=\"wp-block-group\"><div class=\"wp-block-group__inner-container is-layout-constrained wp-block-group-is-layout-constrained\">\n<p class=\"has-drop-cap\">6) Nochmals wiederholt: es gibt keine Aufforderung, keine Erinnerung, keine Mahnung. Es liegt in der Verantwortung der buchentleihenden Mitglieder, die B\u00fccher unaufgefordert innerhalb zweier Monate nach Ausleihdatum zu retournieren.<\/p>\n<\/div><\/div>\n\n\n\n<div class=\"wp-block-group\"><div class=\"wp-block-group__inner-container is-layout-constrained wp-block-group-is-layout-constrained\">\n<p class=\"has-drop-cap\">7) Die B\u00fccher sind pfleglich zu behandeln und nicht zu besch\u00e4digen. Zu Besch\u00e4digungen z\u00e4hlen unter anderem aber nicht ausschlie\u00dflich das Zerreisen oder Herausrei\u00dfen von einer oder mehr Seiten, das Markieren von Seiten (Eselsohren, Unterstreichungen, Kommentare, Kritzeleien, Sticker und \u00e4hnliches) und das Hinterlassen von Flecken (Kaffee, Tee, Glitter und \u00e4hnliches).<\/p>\n<\/div><\/div>\n\n\n\n<div class=\"wp-block-group\"><div class=\"wp-block-group__inner-container is-layout-constrained wp-block-group-is-layout-constrained\">\n<p class=\"has-drop-cap\">8) Sollte ein Buch nicht unaufgefordert innerhalb von zwei Monaten nach Ausleihdatum retourniert werden oder nach Besch\u00e4digung eines Buches (egal ob entliehen oder w\u00e4hrend Nutzung direkt in HOSI Wien R\u00e4umlichkeiten) beh\u00e4lt sich die HOSI Wien vor, das Buch entweder (1) bei einer Buchhandlung zur Wiederbeschaffung zu bestellen und die real anfallenden Kosten oder (2) eine Pauschale von 50 \u20ac der verantwortlichen Person innerhalb eines Jahres zu verrechnen. Die Entscheidung dazu passiert nach Ermessen der HOSI Wien.<\/p>\n<\/div><\/div>\n\n\n\n<div class=\"wp-block-group\"><div class=\"wp-block-group__inner-container is-layout-constrained wp-block-group-is-layout-constrained\">\n<p class=\"has-drop-cap\">9) Mit der Nutzung der Bibliothek und\/oder Entlehnung stimmt das der<em>die Nutzer<\/em>in dieser Bibliotheksordnung in allen Punkten zu. Die HOSI Wien beh\u00e4lt sich \u00c4nderungen der Bibliotheksordnung vor.<\/p>\n<\/div><\/div>\n","protected":false},"excerpt":{"rendered":"<p>1) Die Bibliothek steht zu ihren \u00d6ffnungszeiten allen Personen offen. Die \u00d6ffnungszeiten k\u00f6nnen variieren und k\u00f6nnen bei Vorstandsmitgliedern erfragt werden. Es k\u00f6nnen, z. B. f\u00fcr Forschungszwecke, auch zus\u00e4tzliche Zeiten organisiert werden. 2) Die Bibliothek besteht aus entlehnbaren und nicht-entlehnbare B\u00fccher. Entlehnbare B\u00fccher haben eine Buchkarte auf der ersten oder zweiten Innenseite. 3) Entlehnzeiten wechseln und [&hellip;]<\/p>\n","protected":false},"author":1,"featured_media":0,"parent":0,"menu_order":0,"comment_status":"closed","ping_status":"closed","template":"","meta":{"footnotes":""},"class_list":["post-9420","page","type-page","status-publish","hentry"],"_links":{"self":[{"href":"https:\/\/lambdanachrichten.at\/index.php?rest_route=\/wp\/v2\/pages\/9420","targetHints":{"allow":["GET"]}}],"collection":[{"href":"https:\/\/lambdanachrichten.at\/index.php?rest_route=\/wp\/v2\/pages"}],"about":[{"href":"https:\/\/lambdanachrichten.at\/index.php?rest_route=\/wp\/v2\/types\/page"}],"author":[{"embeddable":true,"href":"https:\/\/lambdanachrichten.at\/index.php?rest_route=\/wp\/v2\/users\/1"}],"replies":[{"embeddable":true,"href":"https:\/\/lambdanachrichten.at\/index.php?rest_route=%2Fwp%2Fv2%2Fcomments&post=9420"}],"version-history":[{"count":1,"href":"https:\/\/lambdanachrichten.at\/index.php?rest_route=\/wp\/v2\/pages\/9420\/revisions"}],"predecessor-version":[{"id":9421,"href":"https:\/\/lambdanachrichten.at\/index.php?rest_route=\/wp\/v2\/pages\/9420\/revisions\/9421"}],"wp:attachment":[{"href":"https:\/\/lambdanachrichten.at\/index.php?rest_route=%2Fwp%2Fv2%2Fmedia&parent=9420"}],"curies":[{"name":"wp","href":"https:\/\/api.w.org\/{rel}","templated":true}]}}