{"id":54,"date":"2021-05-03T20:32:39","date_gmt":"2021-05-03T20:32:39","guid":{"rendered":"https:\/\/staging.lambdanachrichten.at\/?page_id=54"},"modified":"2026-03-06T07:16:26","modified_gmt":"2026-03-06T06:16:26","slug":"aktuelle-ausgabe","status":"publish","type":"page","link":"https:\/\/lambdanachrichten.at\/","title":{"rendered":"Die aktuelle Lambda: &#8222;schwul&#8220; (#1 \/ 2026)"},"content":{"rendered":"<ul style=\"text-transform:none;\" class=\"wp-block-latest-posts__list is-grid columns-3 has-dates has-author aligncenter wp-block-latest-posts has-small-font-size\"><li><div class=\"wp-block-latest-posts__featured-image\"><img loading=\"lazy\" decoding=\"async\" width=\"106\" height=\"150\" src=\"https:\/\/lambdanachrichten.at\/wp-content\/uploads\/2026\/03\/202_4-106x150.jpg\" class=\"attachment-thumbnail size-thumbnail wp-post-image\" alt=\"\" style=\"\" srcset=\"https:\/\/lambdanachrichten.at\/wp-content\/uploads\/2026\/03\/202_4-106x150.jpg 106w, https:\/\/lambdanachrichten.at\/wp-content\/uploads\/2026\/03\/202_4-212x300.jpg 212w, https:\/\/lambdanachrichten.at\/wp-content\/uploads\/2026\/03\/202_4.jpg 595w\" sizes=\"auto, (max-width: 106px) 100vw, 106px\" \/><\/div><a class=\"wp-block-latest-posts__post-title\" href=\"https:\/\/lambdanachrichten.at\/?p=9952\">\u201eBist du schwul, oder was!?\u201c<\/a><div class=\"wp-block-latest-posts__post-author\">von Mo Blau<\/div><time datetime=\"2026-03-06T00:25:00+01:00\" class=\"wp-block-latest-posts__post-date\">6. M\u00e4rz 2026<\/time><div class=\"wp-block-latest-posts__post-excerpt\">Angst und Hoffnung Wer h\u00e4tte das gedacht? Die Vereinszeitschrift der HOSI Wien hat sich die letzten Jahre gef\u00fchlt mit allen\u2026\u00a0<a class=\"wp-block-latest-posts__read-more\" href=\"https:\/\/lambdanachrichten.at\/?p=9952\" rel=\"noopener noreferrer\"><span class=\"screen-reader-text\">\u201eBist du schwul, oder was!?\u201c <\/span>weiterlesen<\/a><\/div><\/li>\n<li><div class=\"wp-block-latest-posts__featured-image\"><img loading=\"lazy\" decoding=\"async\" width=\"143\" height=\"150\" src=\"https:\/\/lambdanachrichten.at\/wp-content\/uploads\/2026\/03\/Reception-1-143x150.jpg\" class=\"attachment-thumbnail size-thumbnail wp-post-image\" alt=\"\" style=\"\" srcset=\"https:\/\/lambdanachrichten.at\/wp-content\/uploads\/2026\/03\/Reception-1-143x150.jpg 143w, https:\/\/lambdanachrichten.at\/wp-content\/uploads\/2026\/03\/Reception-1-285x300.jpg 285w, https:\/\/lambdanachrichten.at\/wp-content\/uploads\/2026\/03\/Reception-1-24x24.jpg 24w, https:\/\/lambdanachrichten.at\/wp-content\/uploads\/2026\/03\/Reception-1.jpg 760w\" sizes=\"auto, (max-width: 143px) 100vw, 143px\" \/><\/div><a class=\"wp-block-latest-posts__post-title\" href=\"https:\/\/lambdanachrichten.at\/?p=9946\">3. Internationale Rainbow Reception<\/a><div class=\"wp-block-latest-posts__post-author\">von HOSI Wien<\/div><time datetime=\"2026-03-06T00:24:00+01:00\" class=\"wp-block-latest-posts__post-date\">6. M\u00e4rz 2026<\/time><div class=\"wp-block-latest-posts__post-excerpt\">Wir haben uns am 23. Januar gefreut viele internationale G\u00e4st*innen bei der dritten internationalen Rainbow Reception empfangen zu k\u00f6nnen! Auf\u2026\u00a0<a class=\"wp-block-latest-posts__read-more\" href=\"https:\/\/lambdanachrichten.at\/?p=9946\" rel=\"noopener noreferrer\"><span class=\"screen-reader-text\">3. Internationale Rainbow Reception <\/span>weiterlesen<\/a><\/div><\/li>\n<li><div class=\"wp-block-latest-posts__featured-image\"><img loading=\"lazy\" decoding=\"async\" width=\"106\" height=\"150\" src=\"https:\/\/lambdanachrichten.at\/wp-content\/uploads\/2026\/03\/202_6-106x150.jpg\" class=\"attachment-thumbnail size-thumbnail wp-post-image\" alt=\"\" style=\"\" srcset=\"https:\/\/lambdanachrichten.at\/wp-content\/uploads\/2026\/03\/202_6-106x150.jpg 106w, https:\/\/lambdanachrichten.at\/wp-content\/uploads\/2026\/03\/202_6-212x300.jpg 212w, https:\/\/lambdanachrichten.at\/wp-content\/uploads\/2026\/03\/202_6.jpg 595w\" sizes=\"auto, (max-width: 106px) 100vw, 106px\" \/><\/div><a class=\"wp-block-latest-posts__post-title\" href=\"https:\/\/lambdanachrichten.at\/?p=9939\">HOSI Wien im Winter<\/a><div class=\"wp-block-latest-posts__post-author\">von HOSI Wien<\/div><time datetime=\"2026-03-06T00:23:00+01:00\" class=\"wp-block-latest-posts__post-date\">6. M\u00e4rz 2026<\/time><div class=\"wp-block-latest-posts__post-excerpt\">Ein unvollst\u00e4ndiger R\u00fcckblick \u25a0 Winterfest Am 5. Dezember, und damit genau am Tag des Ehrenamts, fand unser Winterfest statt. Ein\u2026\u00a0<a class=\"wp-block-latest-posts__read-more\" href=\"https:\/\/lambdanachrichten.at\/?p=9939\" rel=\"noopener noreferrer\"><span class=\"screen-reader-text\">HOSI Wien im Winter <\/span>weiterlesen<\/a><\/div><\/li>\n<li><div class=\"wp-block-latest-posts__featured-image\"><img loading=\"lazy\" decoding=\"async\" width=\"106\" height=\"150\" src=\"https:\/\/lambdanachrichten.at\/wp-content\/uploads\/2026\/03\/202_8-106x150.jpg\" class=\"attachment-thumbnail size-thumbnail wp-post-image\" alt=\"\" style=\"\" srcset=\"https:\/\/lambdanachrichten.at\/wp-content\/uploads\/2026\/03\/202_8-106x150.jpg 106w, https:\/\/lambdanachrichten.at\/wp-content\/uploads\/2026\/03\/202_8-212x300.jpg 212w, https:\/\/lambdanachrichten.at\/wp-content\/uploads\/2026\/03\/202_8.jpg 595w\" sizes=\"auto, (max-width: 106px) 100vw, 106px\" \/><\/div><a class=\"wp-block-latest-posts__post-title\" href=\"https:\/\/lambdanachrichten.at\/?p=9936\">Widerst\u00e4ndig unter Druck<\/a><div class=\"wp-block-latest-posts__post-author\">von Gastautor*in<\/div><time datetime=\"2026-03-06T00:22:00+01:00\" class=\"wp-block-latest-posts__post-date\">6. M\u00e4rz 2026<\/time><div class=\"wp-block-latest-posts__post-excerpt\">Queerer Aktivismus in autorit\u00e4ren Zeiten Die politischen Rahmenbedingungen f\u00fcr queere Menschen verschlechtern sich weltweit sp\u00fcrbar. In immer mehr L\u00e4ndern werden\u2026\u00a0<a class=\"wp-block-latest-posts__read-more\" href=\"https:\/\/lambdanachrichten.at\/?p=9936\" rel=\"noopener noreferrer\"><span class=\"screen-reader-text\">Widerst\u00e4ndig unter Druck <\/span>weiterlesen<\/a><\/div><\/li>\n<li><div class=\"wp-block-latest-posts__featured-image\"><img loading=\"lazy\" decoding=\"async\" width=\"106\" height=\"150\" src=\"https:\/\/lambdanachrichten.at\/wp-content\/uploads\/2026\/03\/202_10-106x150.jpg\" class=\"attachment-thumbnail size-thumbnail wp-post-image\" alt=\"\" style=\"\" srcset=\"https:\/\/lambdanachrichten.at\/wp-content\/uploads\/2026\/03\/202_10-106x150.jpg 106w, https:\/\/lambdanachrichten.at\/wp-content\/uploads\/2026\/03\/202_10-212x300.jpg 212w, https:\/\/lambdanachrichten.at\/wp-content\/uploads\/2026\/03\/202_10.jpg 595w\" sizes=\"auto, (max-width: 106px) 100vw, 106px\" \/><\/div><a class=\"wp-block-latest-posts__post-title\" href=\"https:\/\/lambdanachrichten.at\/?p=9933\">Queere Propaganda?<\/a><div class=\"wp-block-latest-posts__post-author\">von Gastautor*in<\/div><time datetime=\"2026-03-06T00:21:00+01:00\" class=\"wp-block-latest-posts__post-date\">6. M\u00e4rz 2026<\/time><div class=\"wp-block-latest-posts__post-excerpt\">Das kasachische Parlament hat das Jahr 2025 mit einem Knall beendet: Noch am 30. Dezember unterschrieb Pr\u00e4sident Kassim-Schomart Tokajew ein\u2026\u00a0<a class=\"wp-block-latest-posts__read-more\" href=\"https:\/\/lambdanachrichten.at\/?p=9933\" rel=\"noopener noreferrer\"><span class=\"screen-reader-text\">Queere Propaganda? <\/span>weiterlesen<\/a><\/div><\/li>\n<li><div class=\"wp-block-latest-posts__featured-image\"><img loading=\"lazy\" decoding=\"async\" width=\"106\" height=\"150\" src=\"https:\/\/lambdanachrichten.at\/wp-content\/uploads\/2026\/03\/202_11-106x150.jpg\" class=\"attachment-thumbnail size-thumbnail wp-post-image\" alt=\"\" style=\"\" srcset=\"https:\/\/lambdanachrichten.at\/wp-content\/uploads\/2026\/03\/202_11-106x150.jpg 106w, https:\/\/lambdanachrichten.at\/wp-content\/uploads\/2026\/03\/202_11-212x300.jpg 212w, https:\/\/lambdanachrichten.at\/wp-content\/uploads\/2026\/03\/202_11.jpg 595w\" sizes=\"auto, (max-width: 106px) 100vw, 106px\" \/><\/div><a class=\"wp-block-latest-posts__post-title\" href=\"https:\/\/lambdanachrichten.at\/?p=9930\">Chemsex<\/a><div class=\"wp-block-latest-posts__post-author\">von Birgit Leichsenring<\/div><time datetime=\"2026-03-06T00:20:00+01:00\" class=\"wp-block-latest-posts__post-date\">6. M\u00e4rz 2026<\/time><div class=\"wp-block-latest-posts__post-excerpt\">Von Lifestyle zu untersch\u00e4tzter Gefahr Chemsex ist auch in \u00d6sterreich seit Jahren Realit\u00e4t. Spricht man mit Menschen aus der Szene\u2026\u00a0<a class=\"wp-block-latest-posts__read-more\" href=\"https:\/\/lambdanachrichten.at\/?p=9930\" rel=\"noopener noreferrer\"><span class=\"screen-reader-text\">Chemsex <\/span>weiterlesen<\/a><\/div><\/li>\n<li><div class=\"wp-block-latest-posts__featured-image\"><img loading=\"lazy\" decoding=\"async\" width=\"150\" height=\"139\" src=\"https:\/\/lambdanachrichten.at\/wp-content\/uploads\/2026\/03\/Raphael-Bize-150x139.jpg\" class=\"attachment-thumbnail size-thumbnail wp-post-image\" alt=\"\" style=\"\" srcset=\"https:\/\/lambdanachrichten.at\/wp-content\/uploads\/2026\/03\/Raphael-Bize-150x139.jpg 150w, https:\/\/lambdanachrichten.at\/wp-content\/uploads\/2026\/03\/Raphael-Bize-300x278.jpg 300w, https:\/\/lambdanachrichten.at\/wp-content\/uploads\/2026\/03\/Raphael-Bize-768x712.jpg 768w, https:\/\/lambdanachrichten.at\/wp-content\/uploads\/2026\/03\/Raphael-Bize.jpg 800w\" sizes=\"auto, (max-width: 150px) 100vw, 150px\" \/><\/div><a class=\"wp-block-latest-posts__post-title\" href=\"https:\/\/lambdanachrichten.at\/?p=9927\">\u201eEs ist gef\u00e4hrlich, Menschen glauben zu lassen, man k\u00f6nne Homosexualit\u00e4t ,heilen\u2018\u201c<\/a><div class=\"wp-block-latest-posts__post-author\">von Klara Soukup<\/div><time datetime=\"2026-03-06T00:19:00+01:00\" class=\"wp-block-latest-posts__post-date\">6. M\u00e4rz 2026<\/time><div class=\"wp-block-latest-posts__post-excerpt\">Ende Januar 2026 setzte die Parlamentarische Versammlung des Europarates in Stra\u00dfburg ein starkes politisches Zeichen: Mit klarer Mehrheit forderten Abgeordnete\u2026\u00a0<a class=\"wp-block-latest-posts__read-more\" href=\"https:\/\/lambdanachrichten.at\/?p=9927\" rel=\"noopener noreferrer\"><span class=\"screen-reader-text\">\u201eEs ist gef\u00e4hrlich, Menschen glauben zu lassen, man k\u00f6nne Homosexualit\u00e4t ,heilen\u2018\u201c <\/span>weiterlesen<\/a><\/div><\/li>\n<li><div class=\"wp-block-latest-posts__featured-image\"><img loading=\"lazy\" decoding=\"async\" width=\"106\" height=\"150\" src=\"https:\/\/lambdanachrichten.at\/wp-content\/uploads\/2026\/03\/202_17-106x150.jpg\" class=\"attachment-thumbnail size-thumbnail wp-post-image\" alt=\"\" style=\"\" srcset=\"https:\/\/lambdanachrichten.at\/wp-content\/uploads\/2026\/03\/202_17-106x150.jpg 106w, https:\/\/lambdanachrichten.at\/wp-content\/uploads\/2026\/03\/202_17-212x300.jpg 212w, https:\/\/lambdanachrichten.at\/wp-content\/uploads\/2026\/03\/202_17.jpg 595w\" sizes=\"auto, (max-width: 106px) 100vw, 106px\" \/><\/div><a class=\"wp-block-latest-posts__post-title\" href=\"https:\/\/lambdanachrichten.at\/?p=9923\">One of Us<\/a><div class=\"wp-block-latest-posts__post-author\">von Gastautor*in<\/div><time datetime=\"2026-03-06T00:18:00+01:00\" class=\"wp-block-latest-posts__post-date\">6. M\u00e4rz 2026<\/time><div class=\"wp-block-latest-posts__post-excerpt\">\ud83c\udf08Ren\u00e9e N. Good She stayed in Minneapolis\u00a0With their son and her wife\u00a0A family that lived in peace\u00a0And believed in human\u2026\u00a0<a class=\"wp-block-latest-posts__read-more\" href=\"https:\/\/lambdanachrichten.at\/?p=9923\" rel=\"noopener noreferrer\"><span class=\"screen-reader-text\">One of Us <\/span>weiterlesen<\/a><\/div><\/li>\n<li><div class=\"wp-block-latest-posts__featured-image\"><img loading=\"lazy\" decoding=\"async\" width=\"106\" height=\"150\" src=\"https:\/\/lambdanachrichten.at\/wp-content\/uploads\/2026\/03\/202_18-106x150.jpg\" class=\"attachment-thumbnail size-thumbnail wp-post-image\" alt=\"\" style=\"\" srcset=\"https:\/\/lambdanachrichten.at\/wp-content\/uploads\/2026\/03\/202_18-106x150.jpg 106w, https:\/\/lambdanachrichten.at\/wp-content\/uploads\/2026\/03\/202_18-212x300.jpg 212w, https:\/\/lambdanachrichten.at\/wp-content\/uploads\/2026\/03\/202_18.jpg 595w\" sizes=\"auto, (max-width: 106px) 100vw, 106px\" \/><\/div><a class=\"wp-block-latest-posts__post-title\" href=\"https:\/\/lambdanachrichten.at\/?p=9920\">Freie Arbeitsgemeinschaft Transgesundheit<\/a><div class=\"wp-block-latest-posts__post-author\">von Mia Mara Willuhn<\/div><time datetime=\"2026-03-06T00:17:00+01:00\" class=\"wp-block-latest-posts__post-date\">6. M\u00e4rz 2026<\/time><div class=\"wp-block-latest-posts__post-excerpt\">Nun brauchen wir Eure \/ Deine Hilfe Es begann alles mit einem Zufall. Wir liefen uns \u00fcber den Weg, beide\u2026\u00a0<a class=\"wp-block-latest-posts__read-more\" href=\"https:\/\/lambdanachrichten.at\/?p=9920\" rel=\"noopener noreferrer\"><span class=\"screen-reader-text\">Freie Arbeitsgemeinschaft Transgesundheit <\/span>weiterlesen<\/a><\/div><\/li>\n<li><div class=\"wp-block-latest-posts__featured-image\"><img loading=\"lazy\" decoding=\"async\" width=\"106\" height=\"150\" src=\"https:\/\/lambdanachrichten.at\/wp-content\/uploads\/2026\/03\/202_21-106x150.jpg\" class=\"attachment-thumbnail size-thumbnail wp-post-image\" alt=\"\" style=\"\" srcset=\"https:\/\/lambdanachrichten.at\/wp-content\/uploads\/2026\/03\/202_21-106x150.jpg 106w, https:\/\/lambdanachrichten.at\/wp-content\/uploads\/2026\/03\/202_21-212x300.jpg 212w, https:\/\/lambdanachrichten.at\/wp-content\/uploads\/2026\/03\/202_21.jpg 595w\" sizes=\"auto, (max-width: 106px) 100vw, 106px\" \/><\/div><a class=\"wp-block-latest-posts__post-title\" href=\"https:\/\/lambdanachrichten.at\/?p=9917\">A love letter to gay men<\/a><div class=\"wp-block-latest-posts__post-author\">von Skye Ebner<\/div><time datetime=\"2026-03-06T00:16:00+01:00\" class=\"wp-block-latest-posts__post-date\">6. M\u00e4rz 2026<\/time><div class=\"wp-block-latest-posts__post-excerpt\">Disgusting. Violent. Mean. Cruel. Growing up on the countryside I thought that\u2019s all men are or can be. Later in\u2026\u00a0<a class=\"wp-block-latest-posts__read-more\" href=\"https:\/\/lambdanachrichten.at\/?p=9917\" rel=\"noopener noreferrer\"><span class=\"screen-reader-text\">A love letter to gay men <\/span>weiterlesen<\/a><\/div><\/li>\n<li><div class=\"wp-block-latest-posts__featured-image\"><img loading=\"lazy\" decoding=\"async\" width=\"106\" height=\"150\" src=\"https:\/\/lambdanachrichten.at\/wp-content\/uploads\/2026\/03\/202_22-106x150.jpg\" class=\"attachment-thumbnail size-thumbnail wp-post-image\" alt=\"\" style=\"\" srcset=\"https:\/\/lambdanachrichten.at\/wp-content\/uploads\/2026\/03\/202_22-106x150.jpg 106w, https:\/\/lambdanachrichten.at\/wp-content\/uploads\/2026\/03\/202_22-212x300.jpg 212w, https:\/\/lambdanachrichten.at\/wp-content\/uploads\/2026\/03\/202_22.jpg 595w\" sizes=\"auto, (max-width: 106px) 100vw, 106px\" \/><\/div><a class=\"wp-block-latest-posts__post-title\" href=\"https:\/\/lambdanachrichten.at\/?p=9914\">Als Community zusammen wachsen<\/a><div class=\"wp-block-latest-posts__post-author\">von Patricia Stromitzki<\/div><time datetime=\"2026-03-06T00:15:00+01:00\" class=\"wp-block-latest-posts__post-date\">6. M\u00e4rz 2026<\/time><div class=\"wp-block-latest-posts__post-excerpt\">Zwei M\u00e4nner, ein Regenbogen In queeren R\u00e4umen ist oft von Vielfalt und Zusammenhalt die Rede, dabei zeigt sich immer wieder,\u2026\u00a0<a class=\"wp-block-latest-posts__read-more\" href=\"https:\/\/lambdanachrichten.at\/?p=9914\" rel=\"noopener noreferrer\"><span class=\"screen-reader-text\">Als Community zusammen wachsen <\/span>weiterlesen<\/a><\/div><\/li>\n<li><div class=\"wp-block-latest-posts__featured-image\"><img loading=\"lazy\" decoding=\"async\" width=\"108\" height=\"150\" src=\"https:\/\/lambdanachrichten.at\/wp-content\/uploads\/2026\/03\/Adrian-1-108x150.jpg\" class=\"attachment-thumbnail size-thumbnail wp-post-image\" alt=\"\" style=\"\" srcset=\"https:\/\/lambdanachrichten.at\/wp-content\/uploads\/2026\/03\/Adrian-1-108x150.jpg 108w, https:\/\/lambdanachrichten.at\/wp-content\/uploads\/2026\/03\/Adrian-1-216x300.jpg 216w, https:\/\/lambdanachrichten.at\/wp-content\/uploads\/2026\/03\/Adrian-1.jpg 577w\" sizes=\"auto, (max-width: 108px) 100vw, 108px\" \/><\/div><a class=\"wp-block-latest-posts__post-title\" href=\"https:\/\/lambdanachrichten.at\/?p=9965\">Stereotype, Befreiung &#038; Positive M\u00e4nnlichkeit<\/a><div class=\"wp-block-latest-posts__post-author\">von admin<\/div><time datetime=\"2026-03-06T00:14:00+01:00\" class=\"wp-block-latest-posts__post-date\">6. M\u00e4rz 2026<\/time><div class=\"wp-block-latest-posts__post-excerpt\">Was uns Schwulenkultur heute noch bringen kann. Schwule Ikonen pr\u00e4gen seit jeher das popkulturelle Ged\u00e4chtnis. Sie sind immer auch Ausdruck\u2026\u00a0<a class=\"wp-block-latest-posts__read-more\" href=\"https:\/\/lambdanachrichten.at\/?p=9965\" rel=\"noopener noreferrer\"><span class=\"screen-reader-text\">Stereotype, Befreiung &#038; Positive M\u00e4nnlichkeit <\/span>weiterlesen<\/a><\/div><\/li>\n<li><div class=\"wp-block-latest-posts__featured-image\"><img loading=\"lazy\" decoding=\"async\" width=\"113\" height=\"150\" src=\"https:\/\/lambdanachrichten.at\/wp-content\/uploads\/2026\/03\/Julian-Scarry-1-113x150.jpg\" class=\"attachment-thumbnail size-thumbnail wp-post-image\" alt=\"\" style=\"\" srcset=\"https:\/\/lambdanachrichten.at\/wp-content\/uploads\/2026\/03\/Julian-Scarry-1-113x150.jpg 113w, https:\/\/lambdanachrichten.at\/wp-content\/uploads\/2026\/03\/Julian-Scarry-1-226x300.jpg 226w, https:\/\/lambdanachrichten.at\/wp-content\/uploads\/2026\/03\/Julian-Scarry-1.jpg 603w\" sizes=\"auto, (max-width: 113px) 100vw, 113px\" \/><\/div><a class=\"wp-block-latest-posts__post-title\" href=\"https:\/\/lambdanachrichten.at\/?p=9955\">Im Portrait: Julian Scarry<\/a><div class=\"wp-block-latest-posts__post-author\">von Mo Blau<\/div><time datetime=\"2026-03-06T00:13:00+01:00\" class=\"wp-block-latest-posts__post-date\">6. M\u00e4rz 2026<\/time><div class=\"wp-block-latest-posts__post-excerpt\">Ich bin Boxtrainer, Barkeeper in einer Schwulenbar und Kinderbuchautor. Ich arbeite gerade an meinem ersten Kinderbuch, welches ich auch illustriere.\u2026\u00a0<a class=\"wp-block-latest-posts__read-more\" href=\"https:\/\/lambdanachrichten.at\/?p=9955\" rel=\"noopener noreferrer\"><span class=\"screen-reader-text\">Im Portrait: Julian Scarry <\/span>weiterlesen<\/a><\/div><\/li>\n<li><div class=\"wp-block-latest-posts__featured-image\"><img loading=\"lazy\" decoding=\"async\" width=\"106\" height=\"150\" src=\"https:\/\/lambdanachrichten.at\/wp-content\/uploads\/2026\/03\/202_32-106x150.jpg\" class=\"attachment-thumbnail size-thumbnail wp-post-image\" alt=\"\" style=\"\" srcset=\"https:\/\/lambdanachrichten.at\/wp-content\/uploads\/2026\/03\/202_32-106x150.jpg 106w, https:\/\/lambdanachrichten.at\/wp-content\/uploads\/2026\/03\/202_32-212x300.jpg 212w, https:\/\/lambdanachrichten.at\/wp-content\/uploads\/2026\/03\/202_32.jpg 595w\" sizes=\"auto, (max-width: 106px) 100vw, 106px\" \/><\/div><a class=\"wp-block-latest-posts__post-title\" href=\"https:\/\/lambdanachrichten.at\/?p=9911\">Gespensterrollen auf dem Beifahrersitz<\/a><div class=\"wp-block-latest-posts__post-author\">von Sarah Fichtinger<\/div><time datetime=\"2026-03-06T00:12:00+01:00\" class=\"wp-block-latest-posts__post-date\">6. M\u00e4rz 2026<\/time><div class=\"wp-block-latest-posts__post-excerpt\">Als ich angefangen habe, Personen meines Geschlechts zu daten, dachte ich zun\u00e4chst, dass ich die Schwerkraft heteronormativer Rollen endlich hinter\u2026\u00a0<a class=\"wp-block-latest-posts__read-more\" href=\"https:\/\/lambdanachrichten.at\/?p=9911\" rel=\"noopener noreferrer\"><span class=\"screen-reader-text\">Gespensterrollen auf dem Beifahrersitz <\/span>weiterlesen<\/a><\/div><\/li>\n<li><div class=\"wp-block-latest-posts__featured-image\"><img loading=\"lazy\" decoding=\"async\" width=\"106\" height=\"150\" src=\"https:\/\/lambdanachrichten.at\/wp-content\/uploads\/2026\/03\/202_34-106x150.jpg\" class=\"attachment-thumbnail size-thumbnail wp-post-image\" alt=\"\" style=\"\" srcset=\"https:\/\/lambdanachrichten.at\/wp-content\/uploads\/2026\/03\/202_34-106x150.jpg 106w, https:\/\/lambdanachrichten.at\/wp-content\/uploads\/2026\/03\/202_34-212x300.jpg 212w, https:\/\/lambdanachrichten.at\/wp-content\/uploads\/2026\/03\/202_34.jpg 595w\" sizes=\"auto, (max-width: 106px) 100vw, 106px\" \/><\/div><a class=\"wp-block-latest-posts__post-title\" href=\"https:\/\/lambdanachrichten.at\/?p=9908\">Schwule Jugend<\/a><div class=\"wp-block-latest-posts__post-author\">von Gastautor*in<\/div><time datetime=\"2026-03-06T00:11:00+01:00\" class=\"wp-block-latest-posts__post-date\">6. M\u00e4rz 2026<\/time><div class=\"wp-block-latest-posts__post-excerpt\">Vom Finden einer Community \u201eDas Gef\u00fchl der Zusammengeh\u00f6rigkeit, das Gemeinschaftsgef\u00fchl, [\u2026] erstreckt sich im g\u00fcnstigsten Fall nicht nur auf\u00a0Familienmitglieder, son\u00addern\u2026\u00a0<a class=\"wp-block-latest-posts__read-more\" href=\"https:\/\/lambdanachrichten.at\/?p=9908\" rel=\"noopener noreferrer\"><span class=\"screen-reader-text\">Schwule Jugend <\/span>weiterlesen<\/a><\/div><\/li>\n<li><div class=\"wp-block-latest-posts__featured-image\"><img loading=\"lazy\" decoding=\"async\" width=\"106\" height=\"150\" src=\"https:\/\/lambdanachrichten.at\/wp-content\/uploads\/2026\/03\/202_36-106x150.jpg\" class=\"attachment-thumbnail size-thumbnail wp-post-image\" alt=\"\" style=\"\" srcset=\"https:\/\/lambdanachrichten.at\/wp-content\/uploads\/2026\/03\/202_36-106x150.jpg 106w, https:\/\/lambdanachrichten.at\/wp-content\/uploads\/2026\/03\/202_36-212x300.jpg 212w, https:\/\/lambdanachrichten.at\/wp-content\/uploads\/2026\/03\/202_36.jpg 595w\" sizes=\"auto, (max-width: 106px) 100vw, 106px\" \/><\/div><a class=\"wp-block-latest-posts__post-title\" href=\"https:\/\/lambdanachrichten.at\/?p=9905\">\u201eIch bin schwul, nicht queer\u201c<\/a><div class=\"wp-block-latest-posts__post-author\">von Sebastian Brandst\u00e4tter<\/div><time datetime=\"2026-03-06T00:10:00+01:00\" class=\"wp-block-latest-posts__post-date\">6. M\u00e4rz 2026<\/time><div class=\"wp-block-latest-posts__post-excerpt\">Ich pers\u00f6nlich fand es schon sehr bezeichnend, als 2023 der CDU-Spitzenpolitiker Jens Spahn in einem \u201eNius\u201c Interview zum Thema Selbstbestimmungsgesetz\u2026\u00a0<a class=\"wp-block-latest-posts__read-more\" href=\"https:\/\/lambdanachrichten.at\/?p=9905\" rel=\"noopener noreferrer\"><span class=\"screen-reader-text\">\u201eIch bin schwul, nicht queer\u201c <\/span>weiterlesen<\/a><\/div><\/li>\n<li><div class=\"wp-block-latest-posts__featured-image\"><img loading=\"lazy\" decoding=\"async\" width=\"106\" height=\"150\" src=\"https:\/\/lambdanachrichten.at\/wp-content\/uploads\/2026\/03\/202_38-106x150.jpg\" class=\"attachment-thumbnail size-thumbnail wp-post-image\" alt=\"\" style=\"\" srcset=\"https:\/\/lambdanachrichten.at\/wp-content\/uploads\/2026\/03\/202_38-106x150.jpg 106w, https:\/\/lambdanachrichten.at\/wp-content\/uploads\/2026\/03\/202_38-212x300.jpg 212w, https:\/\/lambdanachrichten.at\/wp-content\/uploads\/2026\/03\/202_38.jpg 595w\" sizes=\"auto, (max-width: 106px) 100vw, 106px\" \/><\/div><a class=\"wp-block-latest-posts__post-title\" href=\"https:\/\/lambdanachrichten.at\/?p=9902\">Das traditionelle M\u00e4nnerbild und psychische Gesundheit<\/a><div class=\"wp-block-latest-posts__post-author\">von Marlene<\/div><time datetime=\"2026-03-06T00:09:00+01:00\" class=\"wp-block-latest-posts__post-date\">6. M\u00e4rz 2026<\/time><div class=\"wp-block-latest-posts__post-excerpt\">Das traditionelle M\u00e4nnerbild Es ist nach wie vor tief in der Gesellschaft verankert, dass M\u00e4nner zur Wettbewerbs- und Leistungsorientierung erzogen\u2026\u00a0<a class=\"wp-block-latest-posts__read-more\" href=\"https:\/\/lambdanachrichten.at\/?p=9902\" rel=\"noopener noreferrer\"><span class=\"screen-reader-text\">Das traditionelle M\u00e4nnerbild und psychische Gesundheit <\/span>weiterlesen<\/a><\/div><\/li>\n<li><div class=\"wp-block-latest-posts__featured-image\"><img loading=\"lazy\" decoding=\"async\" width=\"106\" height=\"150\" src=\"https:\/\/lambdanachrichten.at\/wp-content\/uploads\/2026\/03\/202_40-106x150.jpg\" class=\"attachment-thumbnail size-thumbnail wp-post-image\" alt=\"\" style=\"\" srcset=\"https:\/\/lambdanachrichten.at\/wp-content\/uploads\/2026\/03\/202_40-106x150.jpg 106w, https:\/\/lambdanachrichten.at\/wp-content\/uploads\/2026\/03\/202_40-212x300.jpg 212w, https:\/\/lambdanachrichten.at\/wp-content\/uploads\/2026\/03\/202_40.jpg 595w\" sizes=\"auto, (max-width: 106px) 100vw, 106px\" \/><\/div><a class=\"wp-block-latest-posts__post-title\" href=\"https:\/\/lambdanachrichten.at\/?p=9899\">Liebe schwule cis M\u00e4nner<\/a><div class=\"wp-block-latest-posts__post-author\">von Skye Ebner<\/div><time datetime=\"2026-03-06T00:08:00+01:00\" class=\"wp-block-latest-posts__post-date\">6. M\u00e4rz 2026<\/time><div class=\"wp-block-latest-posts__post-excerpt\">&#8211; rechte Parteien sind nicht auf eurer Seite Das Datingportal f\u00fcr schwule und bisexuelle M\u00e4nner Romeo ver\u00f6ffentlichte vor der \u00f6sterreichischen\u2026\u00a0<a class=\"wp-block-latest-posts__read-more\" href=\"https:\/\/lambdanachrichten.at\/?p=9899\" rel=\"noopener noreferrer\"><span class=\"screen-reader-text\">Liebe schwule cis M\u00e4nner <\/span>weiterlesen<\/a><\/div><\/li>\n<li><div class=\"wp-block-latest-posts__featured-image\"><img loading=\"lazy\" decoding=\"async\" width=\"106\" height=\"150\" src=\"https:\/\/lambdanachrichten.at\/wp-content\/uploads\/2026\/03\/202_42-106x150.jpg\" class=\"attachment-thumbnail size-thumbnail wp-post-image\" alt=\"\" style=\"\" srcset=\"https:\/\/lambdanachrichten.at\/wp-content\/uploads\/2026\/03\/202_42-106x150.jpg 106w, https:\/\/lambdanachrichten.at\/wp-content\/uploads\/2026\/03\/202_42-212x300.jpg 212w, https:\/\/lambdanachrichten.at\/wp-content\/uploads\/2026\/03\/202_42.jpg 595w\" sizes=\"auto, (max-width: 106px) 100vw, 106px\" \/><\/div><a class=\"wp-block-latest-posts__post-title\" href=\"https:\/\/lambdanachrichten.at\/?p=9895\">Pink Pony Patriarchy<\/a><div class=\"wp-block-latest-posts__post-author\">von HOSI Wien<\/div><time datetime=\"2026-03-06T00:07:00+01:00\" class=\"wp-block-latest-posts__post-date\">6. M\u00e4rz 2026<\/time><div class=\"wp-block-latest-posts__post-excerpt\">Die queere Community ver\u00e4ndert sich \u2013 und das ist auch gut so. W\u00e4hrend vor 50 Jahren noch deutlich expliziter von\u2026\u00a0<a class=\"wp-block-latest-posts__read-more\" href=\"https:\/\/lambdanachrichten.at\/?p=9895\" rel=\"noopener noreferrer\"><span class=\"screen-reader-text\">Pink Pony Patriarchy <\/span>weiterlesen<\/a><\/div><\/li>\n<li><div class=\"wp-block-latest-posts__featured-image\"><img loading=\"lazy\" decoding=\"async\" width=\"150\" height=\"100\" src=\"https:\/\/lambdanachrichten.at\/wp-content\/uploads\/2026\/03\/Ivan-Hadoum-150x100.jpg\" class=\"attachment-thumbnail size-thumbnail wp-post-image\" alt=\"\" style=\"\" srcset=\"https:\/\/lambdanachrichten.at\/wp-content\/uploads\/2026\/03\/Ivan-Hadoum-150x100.jpg 150w, https:\/\/lambdanachrichten.at\/wp-content\/uploads\/2026\/03\/Ivan-Hadoum-300x200.jpg 300w, https:\/\/lambdanachrichten.at\/wp-content\/uploads\/2026\/03\/Ivan-Hadoum-1024x683.jpg 1024w, https:\/\/lambdanachrichten.at\/wp-content\/uploads\/2026\/03\/Ivan-Hadoum-768x512.jpg 768w, https:\/\/lambdanachrichten.at\/wp-content\/uploads\/2026\/03\/Ivan-Hadoum-1536x1024.jpg 1536w, https:\/\/lambdanachrichten.at\/wp-content\/uploads\/2026\/03\/Ivan-Hadoum-2048x1365.jpg 2048w, https:\/\/lambdanachrichten.at\/wp-content\/uploads\/2026\/03\/Ivan-Hadoum-1200x800.jpg 1200w, https:\/\/lambdanachrichten.at\/wp-content\/uploads\/2026\/03\/Ivan-Hadoum-1980x1320.jpg 1980w\" sizes=\"auto, (max-width: 150px) 100vw, 150px\" \/><\/div><a class=\"wp-block-latest-posts__post-title\" href=\"https:\/\/lambdanachrichten.at\/?p=9892\">Die 76. Berlinale<\/a><div class=\"wp-block-latest-posts__post-author\">von Anette St\u00fchrmann<\/div><time datetime=\"2026-03-06T00:06:00+01:00\" class=\"wp-block-latest-posts__post-date\">6. M\u00e4rz 2026<\/time><div class=\"wp-block-latest-posts__post-excerpt\">TEDDY-Jubil\u00e4um mit einer Retrospektive queerer Filme Rosa von Praunheim, einer der \u00e4ltesten und wichtigsten Vertreter des queeren deutschen Kinos, ist\u2026\u00a0<a class=\"wp-block-latest-posts__read-more\" href=\"https:\/\/lambdanachrichten.at\/?p=9892\" rel=\"noopener noreferrer\"><span class=\"screen-reader-text\">Die 76. Berlinale <\/span>weiterlesen<\/a><\/div><\/li>\n<li><div class=\"wp-block-latest-posts__featured-image\"><img loading=\"lazy\" decoding=\"async\" width=\"99\" height=\"150\" src=\"https:\/\/lambdanachrichten.at\/wp-content\/uploads\/2026\/03\/trans-Geschichten-der-Moderne-99x150.jpg\" class=\"attachment-thumbnail size-thumbnail wp-post-image\" alt=\"\" style=\"\" srcset=\"https:\/\/lambdanachrichten.at\/wp-content\/uploads\/2026\/03\/trans-Geschichten-der-Moderne-99x150.jpg 99w, https:\/\/lambdanachrichten.at\/wp-content\/uploads\/2026\/03\/trans-Geschichten-der-Moderne-197x300.jpg 197w, https:\/\/lambdanachrichten.at\/wp-content\/uploads\/2026\/03\/trans-Geschichten-der-Moderne.jpg 526w\" sizes=\"auto, (max-width: 99px) 100vw, 99px\" \/><\/div><a class=\"wp-block-latest-posts__post-title\" href=\"https:\/\/lambdanachrichten.at\/?p=9889\">Trans* Geschichten<\/a><div class=\"wp-block-latest-posts__post-author\">von Christian H\u00f6ller<\/div><time datetime=\"2026-03-06T00:05:00+01:00\" class=\"wp-block-latest-posts__post-date\">6. M\u00e4rz 2026<\/time><div class=\"wp-block-latest-posts__post-excerpt\">Dieses Buch ist eine \u00fcberarbeitete Fassung einer Dissertation von Jonah I. Garde. Es enth\u00e4lt wichtige Einblicke in die \u00f6sterreichische trans*\u2026\u00a0<a class=\"wp-block-latest-posts__read-more\" href=\"https:\/\/lambdanachrichten.at\/?p=9889\" rel=\"noopener noreferrer\"><span class=\"screen-reader-text\">Trans* Geschichten <\/span>weiterlesen<\/a><\/div><\/li>\n<li><div class=\"wp-block-latest-posts__featured-image\"><img loading=\"lazy\" decoding=\"async\" width=\"92\" height=\"150\" src=\"https:\/\/lambdanachrichten.at\/wp-content\/uploads\/2026\/03\/beziehungs_weise-Lesben-92x150.jpg\" class=\"attachment-thumbnail size-thumbnail wp-post-image\" alt=\"\" style=\"\" srcset=\"https:\/\/lambdanachrichten.at\/wp-content\/uploads\/2026\/03\/beziehungs_weise-Lesben-92x150.jpg 92w, https:\/\/lambdanachrichten.at\/wp-content\/uploads\/2026\/03\/beziehungs_weise-Lesben-183x300.jpg 183w, https:\/\/lambdanachrichten.at\/wp-content\/uploads\/2026\/03\/beziehungs_weise-Lesben.jpg 488w\" sizes=\"auto, (max-width: 92px) 100vw, 92px\" \/><\/div><a class=\"wp-block-latest-posts__post-title\" href=\"https:\/\/lambdanachrichten.at\/?p=9887\">Lesbische Beziehungen<\/a><div class=\"wp-block-latest-posts__post-author\">von Christian H\u00f6ller<\/div><time datetime=\"2026-03-06T00:04:00+01:00\" class=\"wp-block-latest-posts__post-date\">6. M\u00e4rz 2026<\/time><div class=\"wp-block-latest-posts__post-excerpt\">In den Buchhandlungen sind zahlreiche Beziehungsratgeber zu finden. Doch so gut wie alle folgen heteronormativen Mustern und sprechen heterosexuelle cis\u2026\u00a0<a class=\"wp-block-latest-posts__read-more\" href=\"https:\/\/lambdanachrichten.at\/?p=9887\" rel=\"noopener noreferrer\"><span class=\"screen-reader-text\">Lesbische Beziehungen <\/span>weiterlesen<\/a><\/div><\/li>\n<li><div class=\"wp-block-latest-posts__featured-image\"><img loading=\"lazy\" decoding=\"async\" width=\"96\" height=\"150\" src=\"https:\/\/lambdanachrichten.at\/wp-content\/uploads\/2026\/03\/Sauna-96x150.jpg\" class=\"attachment-thumbnail size-thumbnail wp-post-image\" alt=\"\" style=\"\" srcset=\"https:\/\/lambdanachrichten.at\/wp-content\/uploads\/2026\/03\/Sauna-96x150.jpg 96w, https:\/\/lambdanachrichten.at\/wp-content\/uploads\/2026\/03\/Sauna-192x300.jpg 192w, https:\/\/lambdanachrichten.at\/wp-content\/uploads\/2026\/03\/Sauna.jpg 511w\" sizes=\"auto, (max-width: 96px) 100vw, 96px\" \/><\/div><a class=\"wp-block-latest-posts__post-title\" href=\"https:\/\/lambdanachrichten.at\/?p=9884\">Trans in der schwulen Sauna<\/a><div class=\"wp-block-latest-posts__post-author\">von Christian H\u00f6ller<\/div><time datetime=\"2026-03-06T00:03:00+01:00\" class=\"wp-block-latest-posts__post-date\">6. M\u00e4rz 2026<\/time><div class=\"wp-block-latest-posts__post-excerpt\">Der Besuch einer schwulen Sauna kann f\u00fcr trans* Personen oft schwierig sein, wie der Roman \u201eSauna\u201c des d\u00e4nischen Autors Mads\u2026\u00a0<a class=\"wp-block-latest-posts__read-more\" href=\"https:\/\/lambdanachrichten.at\/?p=9884\" rel=\"noopener noreferrer\"><span class=\"screen-reader-text\">Trans in der schwulen Sauna <\/span>weiterlesen<\/a><\/div><\/li>\n<li><div class=\"wp-block-latest-posts__featured-image\"><img loading=\"lazy\" decoding=\"async\" width=\"99\" height=\"150\" src=\"https:\/\/lambdanachrichten.at\/wp-content\/uploads\/2026\/03\/Vermaechtnis-99x150.jpg\" class=\"attachment-thumbnail size-thumbnail wp-post-image\" alt=\"\" style=\"\" srcset=\"https:\/\/lambdanachrichten.at\/wp-content\/uploads\/2026\/03\/Vermaechtnis-99x150.jpg 99w, https:\/\/lambdanachrichten.at\/wp-content\/uploads\/2026\/03\/Vermaechtnis-197x300.jpg 197w, https:\/\/lambdanachrichten.at\/wp-content\/uploads\/2026\/03\/Vermaechtnis.jpg 526w\" sizes=\"auto, (max-width: 99px) 100vw, 99px\" \/><\/div><a class=\"wp-block-latest-posts__post-title\" href=\"https:\/\/lambdanachrichten.at\/?p=9875\">Schwules Verm\u00e4chtnis<\/a><div class=\"wp-block-latest-posts__post-author\">von Christian H\u00f6ller<\/div><time datetime=\"2026-03-06T00:02:00+01:00\" class=\"wp-block-latest-posts__post-date\">6. M\u00e4rz 2026<\/time><div class=\"wp-block-latest-posts__post-excerpt\">&#8222;Das Verm\u00e4chtnis\u201c des US-Autors Matthew L\u00f3pez geh\u00f6rt zu den wichtigsten schwulen Theaterst\u00fccken und hat weltweit zahlreiche Auszeichnungen erhalten. Es wurde\u2026\u00a0<a class=\"wp-block-latest-posts__read-more\" href=\"https:\/\/lambdanachrichten.at\/?p=9875\" rel=\"noopener noreferrer\"><span class=\"screen-reader-text\">Schwules Verm\u00e4chtnis <\/span>weiterlesen<\/a><\/div><\/li>\n<li><div class=\"wp-block-latest-posts__featured-image\"><img loading=\"lazy\" decoding=\"async\" width=\"100\" height=\"150\" src=\"https:\/\/lambdanachrichten.at\/wp-content\/uploads\/2026\/03\/Two-Spirit-100x150.jpg\" class=\"attachment-thumbnail size-thumbnail wp-post-image\" alt=\"\" style=\"\" srcset=\"https:\/\/lambdanachrichten.at\/wp-content\/uploads\/2026\/03\/Two-Spirit-100x150.jpg 100w, https:\/\/lambdanachrichten.at\/wp-content\/uploads\/2026\/03\/Two-Spirit-200x300.jpg 200w, https:\/\/lambdanachrichten.at\/wp-content\/uploads\/2026\/03\/Two-Spirit-683x1024.jpg 683w, https:\/\/lambdanachrichten.at\/wp-content\/uploads\/2026\/03\/Two-Spirit-768x1152.jpg 768w, https:\/\/lambdanachrichten.at\/wp-content\/uploads\/2026\/03\/Two-Spirit-1024x1536.jpg 1024w, https:\/\/lambdanachrichten.at\/wp-content\/uploads\/2026\/03\/Two-Spirit-1365x2048.jpg 1365w, https:\/\/lambdanachrichten.at\/wp-content\/uploads\/2026\/03\/Two-Spirit-1200x1800.jpg 1200w, https:\/\/lambdanachrichten.at\/wp-content\/uploads\/2026\/03\/Two-Spirit-scaled.jpg 1707w\" sizes=\"auto, (max-width: 100px) 100vw, 100px\" \/><\/div><a class=\"wp-block-latest-posts__post-title\" href=\"https:\/\/lambdanachrichten.at\/?p=9861\">Genderfluide Literatur<\/a><div class=\"wp-block-latest-posts__post-author\">von Tammy McMinn<\/div><time datetime=\"2026-03-06T00:01:00+01:00\" class=\"wp-block-latest-posts__post-date\">6. M\u00e4rz 2026<\/time><div class=\"wp-block-latest-posts__post-excerpt\">In meinem letzten Artikel habe ich erw\u00e4hnt, dass Gender Fluidity noch recht unsichtbar ist und es relativ m\u00fchsam ist, dazu\u2026\u00a0<a class=\"wp-block-latest-posts__read-more\" href=\"https:\/\/lambdanachrichten.at\/?p=9861\" rel=\"noopener noreferrer\"><span class=\"screen-reader-text\">Genderfluide Literatur <\/span>weiterlesen<\/a><\/div><\/li>\n<\/ul>\n\n\n<h2 class=\"wp-block-heading has-text-align-center\">Weitere <span style=\"font-variant: small-caps;\">Lambda<\/span>-Artikel sind im <a href=\"https:\/\/lambdanachrichten.at\/?page_id=35\">Archiv<\/a><\/h2>\n","protected":false},"excerpt":{"rendered":"<p>Weitere Lambda-Artikel sind im Archiv<\/p>\n","protected":false},"author":1,"featured_media":0,"parent":0,"menu_order":0,"comment_status":"closed","ping_status":"closed","template":"","meta":{"footnotes":""},"class_list":["post-54","page","type-page","status-publish","hentry"],"_links":{"self":[{"href":"https:\/\/lambdanachrichten.at\/index.php?rest_route=\/wp\/v2\/pages\/54","targetHints":{"allow":["GET"]}}],"collection":[{"href":"https:\/\/lambdanachrichten.at\/index.php?rest_route=\/wp\/v2\/pages"}],"about":[{"href":"https:\/\/lambdanachrichten.at\/index.php?rest_route=\/wp\/v2\/types\/page"}],"author":[{"embeddable":true,"href":"https:\/\/lambdanachrichten.at\/index.php?rest_route=\/wp\/v2\/users\/1"}],"replies":[{"embeddable":true,"href":"https:\/\/lambdanachrichten.at\/index.php?rest_route=%2Fwp%2Fv2%2Fcomments&post=54"}],"version-history":[{"count":47,"href":"https:\/\/lambdanachrichten.at\/index.php?rest_route=\/wp\/v2\/pages\/54\/revisions"}],"predecessor-version":[{"id":9979,"href":"https:\/\/lambdanachrichten.at\/index.php?rest_route=\/wp\/v2\/pages\/54\/revisions\/9979"}],"wp:attachment":[{"href":"https:\/\/lambdanachrichten.at\/index.php?rest_route=%2Fwp%2Fv2%2Fmedia&parent=54"}],"curies":[{"name":"wp","href":"https:\/\/api.w.org\/{rel}","templated":true}]}}